{"version":"1.0","provider_name":"Temmel | Seywald - Corporate Communications","provider_url":"https:\/\/www.tsp.at\/en\/","title":"Denk.Raum.Fresach erh\u00e4lt Support Br\u00fcssels - Temmel | Seywald - Corporate Communications","type":"rich","width":600,"height":338,"html":"<blockquote class=\"wp-embedded-content\" data-secret=\"ZPjv6Ayk6W\"><a href=\"https:\/\/www.tsp.at\/en\/2015\/04\/16\/denk-raum-fresach-erhaelt-support-bruessels\/\">Denk.Raum.Fresach erh\u00e4lt Support Br\u00fcssels<\/a><\/blockquote><iframe sandbox=\"allow-scripts\" security=\"restricted\" src=\"https:\/\/www.tsp.at\/en\/2015\/04\/16\/denk-raum-fresach-erhaelt-support-bruessels\/embed\/#?secret=ZPjv6Ayk6W\" width=\"600\" height=\"338\" title=\"&#8220;Denk.Raum.Fresach erh\u00e4lt Support Br\u00fcssels&#8221; &#8212; Temmel | Seywald - Corporate Communications\" data-secret=\"ZPjv6Ayk6W\" frameborder=\"0\" marginwidth=\"0\" marginheight=\"0\" scrolling=\"no\" class=\"wp-embedded-content\"><\/iframe><script>\n\/*! This file is auto-generated *\/\n!function(d,l){\"use strict\";l.querySelector&&d.addEventListener&&\"undefined\"!=typeof URL&&(d.wp=d.wp||{},d.wp.receiveEmbedMessage||(d.wp.receiveEmbedMessage=function(e){var t=e.data;if((t||t.secret||t.message||t.value)&&!\/[^a-zA-Z0-9]\/.test(t.secret)){for(var s,r,n,a=l.querySelectorAll('iframe[data-secret=\"'+t.secret+'\"]'),o=l.querySelectorAll('blockquote[data-secret=\"'+t.secret+'\"]'),c=new RegExp(\"^https?:$\",\"i\"),i=0;i<o.length;i++)o[i].style.display=\"none\";for(i=0;i<a.length;i++)s=a[i],e.source===s.contentWindow&&(s.removeAttribute(\"style\"),\"height\"===t.message?(1e3<(r=parseInt(t.value,10))?r=1e3:~~r<200&&(r=200),s.height=r):\"link\"===t.message&&(r=new URL(s.getAttribute(\"src\")),n=new URL(t.value),c.test(n.protocol))&&n.host===r.host&&l.activeElement===s&&(d.top.location.href=t.value))}},d.addEventListener(\"message\",d.wp.receiveEmbedMessage,!1),l.addEventListener(\"DOMContentLoaded\",function(){for(var e,t,s=l.querySelectorAll(\"iframe.wp-embedded-content\"),r=0;r<s.length;r++)(t=(e=s[r]).getAttribute(\"data-secret\"))||(t=Math.random().toString(36).substring(2,12),e.src+=\"#?secret=\"+t,e.setAttribute(\"data-secret\",t)),e.contentWindow.postMessage({message:\"ready\",secret:t},\"*\")},!1)))}(window,document);\n\/\/# sourceURL=https:\/\/www.tsp.at\/wp-includes\/js\/wp-embed.min.js\n<\/script>\n","thumbnail_url":"https:\/\/www.tsp.at\/wp-content\/uploads\/2025\/10\/EP-10-scaled.jpg","thumbnail_width":2560,"thumbnail_height":1829,"description":"Europ\u00e4ische Toleranzgespr\u00e4che im EU-Parlament vorgestellt 16.04.2015 Br\u00fcssel \u2013 Die \u00f6sterreichischen Abgeordneten zum Europ\u00e4ischen Parlament, Eugen Freund (SP) und Othmar Karas (VP), unterst\u00fctzen die Europ\u00e4ischen Toleranzgespr\u00e4che. In einer gemeinsamen Pressekonferenz mit K\u00e4rntens Landeshauptmann Peter Kaiser im Europ\u00e4ischen Parlament erkl\u00e4rten die Europapolitiker, das neue Dialogforum f\u00fcr Toleranz und Integration sei eine bedeutsame Initiative f\u00fcr Europa und f\u00fcr&hellip;"}