{"version":"1.0","provider_name":"Temmel | Seywald - Corporate Communications","provider_url":"https:\/\/www.tsp.at\/en\/","title":"B\u00fcrgerdialog Fresach erarbeitet Freiheits-Charta - Temmel | Seywald - Corporate Communications","type":"rich","width":600,"height":338,"html":"<blockquote class=\"wp-embedded-content\" data-secret=\"ThbKB9VFN0\"><a href=\"https:\/\/www.tsp.at\/en\/2017\/06\/13\/buergerdialog-fresach-erarbeitet-freiheits-charta\/\">B\u00fcrgerdialog Fresach erarbeitet Freiheits-Charta<\/a><\/blockquote><iframe sandbox=\"allow-scripts\" security=\"restricted\" src=\"https:\/\/www.tsp.at\/en\/2017\/06\/13\/buergerdialog-fresach-erarbeitet-freiheits-charta\/embed\/#?secret=ThbKB9VFN0\" width=\"600\" height=\"338\" title=\"&#8220;B\u00fcrgerdialog Fresach erarbeitet Freiheits-Charta&#8221; &#8212; Temmel | Seywald - Corporate Communications\" data-secret=\"ThbKB9VFN0\" frameborder=\"0\" marginwidth=\"0\" marginheight=\"0\" scrolling=\"no\" class=\"wp-embedded-content\"><\/iframe><script>\n\/*! This file is auto-generated *\/\n!function(d,l){\"use strict\";l.querySelector&&d.addEventListener&&\"undefined\"!=typeof URL&&(d.wp=d.wp||{},d.wp.receiveEmbedMessage||(d.wp.receiveEmbedMessage=function(e){var t=e.data;if((t||t.secret||t.message||t.value)&&!\/[^a-zA-Z0-9]\/.test(t.secret)){for(var s,r,n,a=l.querySelectorAll('iframe[data-secret=\"'+t.secret+'\"]'),o=l.querySelectorAll('blockquote[data-secret=\"'+t.secret+'\"]'),c=new RegExp(\"^https?:$\",\"i\"),i=0;i<o.length;i++)o[i].style.display=\"none\";for(i=0;i<a.length;i++)s=a[i],e.source===s.contentWindow&&(s.removeAttribute(\"style\"),\"height\"===t.message?(1e3<(r=parseInt(t.value,10))?r=1e3:~~r<200&&(r=200),s.height=r):\"link\"===t.message&&(r=new URL(s.getAttribute(\"src\")),n=new URL(t.value),c.test(n.protocol))&&n.host===r.host&&l.activeElement===s&&(d.top.location.href=t.value))}},d.addEventListener(\"message\",d.wp.receiveEmbedMessage,!1),l.addEventListener(\"DOMContentLoaded\",function(){for(var e,t,s=l.querySelectorAll(\"iframe.wp-embedded-content\"),r=0;r<s.length;r++)(t=(e=s[r]).getAttribute(\"data-secret\"))||(t=Math.random().toString(36).substring(2,12),e.src+=\"#?secret=\"+t,e.setAttribute(\"data-secret\",t)),e.contentWindow.postMessage({message:\"ready\",secret:t},\"*\")},!1)))}(window,document);\n\/\/# sourceURL=https:\/\/www.tsp.at\/wp-includes\/js\/wp-embed.min.js\n<\/script>\n","thumbnail_url":"https:\/\/www.tsp.at\/wp-content\/uploads\/2025\/10\/IMG_6226.jpg","thumbnail_width":1600,"thumbnail_height":1200,"description":"Erkl\u00e4rung soll in Klagenfurt, Wien und Br\u00fcssel vorgelegt werden 13.06.2017 Fresach\/Villach \u2013 Die Teilnehmerinnen und Teilnehmer der Europ\u00e4ischen Toleranzgespr\u00e4che 2017 im K\u00e4rntner Bergdorf Fresach haben eine Freiheitserkl\u00e4rung erarbeitet, die in den n\u00e4chsten Wochen der Landesregierung in Klagenfurt, Vertretern der Bundesregierung in Wien und sp\u00e4ter dem Europ\u00e4ischen Parlament in Br\u00fcssel vorgelegt werden soll. Als erstes unterschrieben&hellip;"}