{"version":"1.0","provider_name":"Temmel | Seywald - Corporate Communications","provider_url":"https:\/\/www.tsp.at\/en\/","title":"Alt-Bischof Michael B\u00fcnker Toleranzpreistr\u00e4ger 2023 - Temmel | Seywald - Corporate Communications","type":"rich","width":600,"height":338,"html":"<blockquote class=\"wp-embedded-content\" data-secret=\"AOTwUZBTSn\"><a href=\"https:\/\/www.tsp.at\/en\/2023\/05\/26\/alt-bischof-michael-buenker-toleranzpreistraeger-2023\/\">Alt-Bischof Michael B\u00fcnker Toleranzpreistr\u00e4ger 2023<\/a><\/blockquote><iframe sandbox=\"allow-scripts\" security=\"restricted\" src=\"https:\/\/www.tsp.at\/en\/2023\/05\/26\/alt-bischof-michael-buenker-toleranzpreistraeger-2023\/embed\/#?secret=AOTwUZBTSn\" width=\"600\" height=\"338\" title=\"&#8220;Alt-Bischof Michael B\u00fcnker Toleranzpreistr\u00e4ger 2023&#8221; &#8212; Temmel | Seywald - Corporate Communications\" data-secret=\"AOTwUZBTSn\" frameborder=\"0\" marginwidth=\"0\" marginheight=\"0\" scrolling=\"no\" class=\"wp-embedded-content\"><\/iframe><script>\n\/*! This file is auto-generated *\/\n!function(d,l){\"use strict\";l.querySelector&&d.addEventListener&&\"undefined\"!=typeof URL&&(d.wp=d.wp||{},d.wp.receiveEmbedMessage||(d.wp.receiveEmbedMessage=function(e){var t=e.data;if((t||t.secret||t.message||t.value)&&!\/[^a-zA-Z0-9]\/.test(t.secret)){for(var s,r,n,a=l.querySelectorAll('iframe[data-secret=\"'+t.secret+'\"]'),o=l.querySelectorAll('blockquote[data-secret=\"'+t.secret+'\"]'),c=new RegExp(\"^https?:$\",\"i\"),i=0;i<o.length;i++)o[i].style.display=\"none\";for(i=0;i<a.length;i++)s=a[i],e.source===s.contentWindow&&(s.removeAttribute(\"style\"),\"height\"===t.message?(1e3<(r=parseInt(t.value,10))?r=1e3:~~r<200&&(r=200),s.height=r):\"link\"===t.message&&(r=new URL(s.getAttribute(\"src\")),n=new URL(t.value),c.test(n.protocol))&&n.host===r.host&&l.activeElement===s&&(d.top.location.href=t.value))}},d.addEventListener(\"message\",d.wp.receiveEmbedMessage,!1),l.addEventListener(\"DOMContentLoaded\",function(){for(var e,t,s=l.querySelectorAll(\"iframe.wp-embedded-content\"),r=0;r<s.length;r++)(t=(e=s[r]).getAttribute(\"data-secret\"))||(t=Math.random().toString(36).substring(2,12),e.src+=\"#?secret=\"+t,e.setAttribute(\"data-secret\",t)),e.contentWindow.postMessage({message:\"ready\",secret:t},\"*\")},!1)))}(window,document);\n\/\/# sourceURL=https:\/\/www.tsp.at\/wp-includes\/js\/wp-embed.min.js\n<\/script>\n","thumbnail_url":"https:\/\/www.tsp.at\/wp-content\/uploads\/2025\/10\/photo1_18.jpg","thumbnail_width":2000,"thumbnail_height":1333,"description":"Stadt Villach und Denk.Raum.Fresach ehren &#8220;Guten Kampf des Glaubens&#8221; 26.05.2023 Villach\/Fresach \u2013 Der fr\u00fchere Bischof der Evangelischen Kirche in \u00d6sterreich, Michael B\u00fcnker (69), wurde Donnerstagabend mit dem Europ\u00e4ischen Toleranzpreis der Stadt Villach und des Denk.Raum.Fresach geehrt. B\u00fcnker habe sich als moralische Instanz mit hohem sozialen Engagement stets f\u00fcr Dialog, Demokratie und Menschenrechte eingesetzt, so die&hellip;"}